{"id":861,"date":"2026-09-05T22:45:44","date_gmt":"2026-09-05T22:45:44","guid":{"rendered":"https:\/\/letsgotravelparacas.com\/?page_id=861"},"modified":"2026-09-05T22:54:59","modified_gmt":"2026-09-05T22:54:59","slug":"canon-de-los-perdidos","status":"publish","type":"page","link":"https:\/\/letsgotravelparacas.com\/en\/canon-de-los-perdidos\/","title":{"rendered":"Canyon of the Lost"},"content":{"rendered":"<div data-elementor-type=\"wp-page\" data-elementor-id=\"861\" class=\"elementor elementor-861\">\n\t\t\t\t<div data-aos=\"fade-up\" class=\"hostinger-elementor-aos elementor-element elementor-element-4e21cf7 e-flex e-con-boxed e-con e-parent\" data-id=\"4e21cf7\" data-element_type=\"container\" data-e-type=\"container\">\n\t\t\t\t\t<div class=\"e-con-inner\">\n\t\t\t\t<div class=\"elementor-element elementor-element-e4a4515 elementor-widget elementor-widget-image\" data-id=\"e4a4515\" data-element_type=\"widget\" data-e-type=\"widget\" data-widget_type=\"image.default\">\n\t\t\t\t\t\t\t\t\t\t\t\t\t\t\t<img fetchpriority=\"high\" decoding=\"async\" width=\"1024\" height=\"768\" src=\"https:\/\/letsgotravelparacas.com\/wp-content\/uploads\/2026\/07\/tours-canon-de-los-perdidos-1-1024x768.jpg\" class=\"attachment-large size-large wp-image-506\" alt=\"\" srcset=\"https:\/\/letsgotravelparacas.com\/wp-content\/uploads\/2026\/07\/tours-canon-de-los-perdidos-1-1024x768.jpg 1024w, https:\/\/letsgotravelparacas.com\/wp-content\/uploads\/2026\/07\/tours-canon-de-los-perdidos-1-300x225.jpg 300w, https:\/\/letsgotravelparacas.com\/wp-content\/uploads\/2026\/07\/tours-canon-de-los-perdidos-1-768x576.jpg 768w, https:\/\/letsgotravelparacas.com\/wp-content\/uploads\/2026\/07\/tours-canon-de-los-perdidos-1.jpg 1080w\" sizes=\"(max-width: 1024px) 100vw, 1024px\" \/>\t\t\t\t\t\t\t\t\t\t\t\t\t\t\t<\/div>\n\t\t\t\t\t<\/div>\n\t\t\t\t<\/div>\n\t\t<div data-aos=\"fade-up\" class=\"hostinger-elementor-aos elementor-element elementor-element-777182e e-flex e-con-boxed e-con e-parent\" data-id=\"777182e\" data-element_type=\"container\" data-e-type=\"container\">\n\t\t\t\t\t<div class=\"e-con-inner\">\n\t\t\t\t<div class=\"elementor-element elementor-element-447803e elementor-widget elementor-widget-heading\" data-id=\"447803e\" data-element_type=\"widget\" data-e-type=\"widget\" data-widget_type=\"heading.default\">\n\t\t\t\t\t<h2 class=\"elementor-heading-title elementor-size-default\">Ca\u00f1on de los perdidos en Ica<\/h2>\t\t\t\t<\/div>\n\t\t\t\t\t<\/div>\n\t\t\t\t<\/div>\n\t\t<div data-aos=\"fade-up\" class=\"hostinger-elementor-aos elementor-element elementor-element-e1013c1 e-flex e-con-boxed e-con e-parent\" data-id=\"e1013c1\" data-element_type=\"container\" data-e-type=\"container\">\n\t\t\t\t\t<div class=\"e-con-inner\">\n\t\t\t\t<div class=\"elementor-element elementor-element-7d3389c elementor-widget elementor-widget-text-editor\" data-id=\"7d3389c\" data-element_type=\"widget\" data-e-type=\"widget\" data-widget_type=\"text-editor.default\">\n\t\t\t\t\t\t\t\t\t<p>Ad\u00e9ntrate en los paisajes del Ca\u00f1\u00f3n de los Perdidos y descubre impresionantes formaciones naturales, f\u00f3siles y huellas del pasado en medio del desierto de Ica. Una experiencia \u00fanica para explorar, disfrutar y conectar con la naturaleza.<\/p>\t\t\t\t\t\t\t\t<\/div>\n\t\t\t\t\t<\/div>\n\t\t\t\t<\/div>\n\t\t<div class=\"elementor-element elementor-element-b26add6 e-con e-atomic-element e-flexbox-base\" data-id=\"b26add6\" data-element_type=\"e-flexbox\" data-e-type=\"e-flexbox\" data-interaction-id=\"b26add6\">\n    \t\t\t<h2 data-interaction-id=\"a2bfdd7\" class=\"e-heading-base\"><strong>$29 <\/strong>costo por persona<br><\/h2>\n\t\t\n<\/div>\n<div class=\"elementor-element elementor-element-151039c e-con e-atomic-element e-flexbox-base\" data-id=\"151039c\" data-element_type=\"e-flexbox\" data-e-type=\"e-flexbox\" data-interaction-id=\"151039c\">\n    \t\t\t<h2 data-interaction-id=\"a0f212a\" class=\"e-heading-base\">Duraci\u00f2n<\/h2>\n\t\t\n<\/div>\n<div data-aos=\"fade-up\" class=\"hostinger-elementor-aos elementor-element elementor-element-f17cc48 e-flex e-con-boxed e-con e-parent\" data-id=\"f17cc48\" data-element_type=\"container\" data-e-type=\"container\">\n\t\t\t\t\t<div class=\"e-con-inner\">\n\t\t\t\t<div class=\"elementor-element elementor-element-eee9be9 elementor-widget elementor-widget-text-editor\" data-id=\"eee9be9\" data-element_type=\"widget\" data-e-type=\"widget\" data-widget_type=\"text-editor.default\">\n\t\t\t\t\t\t\t\t\t<p>Salida: 6:00 a. m. \u2013 6:30 a. m.<\/p><p>Retorno:\u00a04:00 p. m. \u2013 4:30 p. m.<\/p><p>10 Horas Aproximadamente<\/p>\t\t\t\t\t\t\t\t<\/div>\n\t\t\t\t\t<\/div>\n\t\t\t\t<\/div>\n\t\t<div data-aos=\"fade-up\" class=\"hostinger-elementor-aos elementor-element elementor-element-73f0248 e-flex e-con-boxed e-con e-parent\" data-id=\"73f0248\" data-element_type=\"container\" data-e-type=\"container\">\n\t\t\t\t\t<div class=\"e-con-inner\">\n\t\t\t\t<div class=\"elementor-element elementor-element-0f76726 elementor-widget elementor-widget-heading\" data-id=\"0f76726\" data-element_type=\"widget\" data-e-type=\"widget\" data-widget_type=\"heading.default\">\n\t\t\t\t\t<h2 class=\"elementor-heading-title elementor-size-default\">\u00bfQu\u00e9 Incluye?<\/h2>\t\t\t\t<\/div>\n\t\t\t\t\t<\/div>\n\t\t\t\t<\/div>\n\t\t<div data-aos=\"fade-up\" class=\"hostinger-elementor-aos elementor-element elementor-element-cdc20e3 e-flex e-con-boxed e-con e-parent\" data-id=\"cdc20e3\" data-element_type=\"container\" data-e-type=\"container\">\n\t\t\t\t\t<div class=\"e-con-inner\">\n\t\t\t\t<div class=\"elementor-element elementor-element-fc9c13e elementor-widget elementor-widget-text-editor\" data-id=\"fc9c13e\" data-element_type=\"widget\" data-e-type=\"widget\" data-widget_type=\"text-editor.default\">\n\t\t\t\t\t\t\t\t\t<p>&#8211; Recojo desde el hospedaje del turista en Ica.<\/p><p>&#8211; Transporte tur\u00edstico durante todo el recorrido.<\/p><p>&#8211; Visita al Mirador del Ca\u00f1\u00f3n.<\/p><p>&#8211; Trekking de aproximadamente <strong data-start=\"370\" data-end=\"393\">1 hora y 30 minutos<\/strong> por el interior del Ca\u00f1\u00f3n.<\/p><p>&#8211; Explicaci\u00f3n tur\u00edstica sobre f\u00f3siles, flora y fauna de la zona.<\/p><p>&#8211; Visita a la boutique Ancestral.<\/p><p>&#8211; Cata de <strong data-start=\"634\" data-end=\"667\">pisco, vinos y crema de pisco<\/strong>.<\/p><p>&#8211; Degustaci\u00f3n de productos elaborados con ingredientes naturales\/org\u00e1nicos.<\/p><p>&#8211; Acompa\u00f1amiento y orientaci\u00f3n del gu\u00eda durante el recorrido.<\/p><p>&#8211; Retorno a Ica aproximadamente entre <strong data-start=\"845\" data-end=\"872\">4:00 p. m. y 4:30 p. m.<\/strong><\/p>\t\t\t\t\t\t\t\t<\/div>\n\t\t\t\t\t<\/div>\n\t\t\t\t<\/div>\n\t\t<div data-aos=\"fade-up\" class=\"hostinger-elementor-aos elementor-element elementor-element-aa96a45 e-flex e-con-boxed e-con e-parent\" data-id=\"aa96a45\" data-element_type=\"container\" data-e-type=\"container\">\n\t\t\t\t\t<div class=\"e-con-inner\">\n\t\t\t\t<div class=\"elementor-element elementor-element-9f79dc0 elementor-widget elementor-widget-heading\" data-id=\"9f79dc0\" data-element_type=\"widget\" data-e-type=\"widget\" data-widget_type=\"heading.default\">\n\t\t\t\t\t<h2 class=\"elementor-heading-title elementor-size-default\">Paradas programadas <\/h2>\t\t\t\t<\/div>\n\t\t\t\t\t<\/div>\n\t\t\t\t<\/div>\n\t\t<div data-aos=\"fade-up\" class=\"hostinger-elementor-aos elementor-element elementor-element-ff22b53 e-flex e-con-boxed e-con e-parent\" data-id=\"ff22b53\" data-element_type=\"container\" data-e-type=\"container\">\n\t\t\t\t\t<div class=\"e-con-inner\">\n\t\t\t\t<div class=\"elementor-element elementor-element-73d6205 elementor-widget elementor-widget-text-editor\" data-id=\"73d6205\" data-element_type=\"widget\" data-e-type=\"widget\" data-widget_type=\"text-editor.default\">\n\t\t\t\t\t\t\t\t\t<p><strong><span style=\"color: #000000;\">Consumo por cuenta del visitante<\/span><\/strong><\/p><p>&#8211; Parada para desayuno en el restaurante D\u2019Estinos.<\/p><p>&#8211; Parada para almuerzo en el restaurante D\u2019Estinos.<\/p>\t\t\t\t\t\t\t\t<\/div>\n\t\t\t\t\t<\/div>\n\t\t\t\t<\/div>\n\t\t<div data-aos=\"fade-up\" class=\"hostinger-elementor-aos elementor-element elementor-element-10445d2 e-flex e-con-boxed e-con e-parent\" data-id=\"10445d2\" data-element_type=\"container\" data-e-type=\"container\">\n\t\t\t\t\t<div class=\"e-con-inner\">\n\t\t\t\t<div class=\"elementor-element elementor-element-dc5ae92 elementor-widget elementor-widget-heading\" data-id=\"dc5ae92\" data-element_type=\"widget\" data-e-type=\"widget\" data-widget_type=\"heading.default\">\n\t\t\t\t\t<h2 class=\"elementor-heading-title elementor-size-default\">Recommendations<\/h2>\t\t\t\t<\/div>\n\t\t\t\t\t<\/div>\n\t\t\t\t<\/div>\n\t\t<div data-aos=\"fade-up\" class=\"hostinger-elementor-aos elementor-element elementor-element-c2ccf39 e-flex e-con-boxed e-con e-parent\" data-id=\"c2ccf39\" data-element_type=\"container\" data-e-type=\"container\">\n\t\t\t\t\t<div class=\"e-con-inner\">\n\t\t\t\t<div class=\"elementor-element elementor-element-38d5b58 elementor-widget elementor-widget-text-editor\" data-id=\"38d5b58\" data-element_type=\"widget\" data-e-type=\"widget\" data-widget_type=\"text-editor.default\">\n\t\t\t\t\t\t\t\t\t<p>Ropa ligera y c\u00f3moda. Calzado adecuado para trekking.<\/p><p>Gorra o sombrero.<\/p><p>Bloqueador solar.<\/p><p>Agua suficiente para el recorrido.<\/p><p>Frutas o alg\u00fan snack ligero.<\/p><p>C\u00e1mara o celular para fotograf\u00edas.<\/p><p>Lentes de sol.<\/p>\t\t\t\t\t\t\t\t<\/div>\n\t\t\t\t\t<\/div>\n\t\t\t\t<\/div>\n\t\t<div data-aos=\"fade-up\" class=\"hostinger-elementor-aos elementor-element elementor-element-bcb48a4 e-flex e-con-boxed e-con e-parent\" data-id=\"bcb48a4\" data-element_type=\"container\" data-e-type=\"container\">\n\t\t\t\t\t<div class=\"e-con-inner\">\n\t\t\t\t<div class=\"elementor-element elementor-element-ca90d69 elementor-widget elementor-widget-heading\" data-id=\"ca90d69\" data-element_type=\"widget\" data-e-type=\"widget\" data-widget_type=\"heading.default\">\n\t\t\t\t\t<h2 class=\"elementor-heading-title elementor-size-default\">Requirements<\/h2>\t\t\t\t<\/div>\n\t\t\t\t\t<\/div>\n\t\t\t\t<\/div>\n\t\t<div data-aos=\"fade-up\" class=\"hostinger-elementor-aos elementor-element elementor-element-c068891 e-flex e-con-boxed e-con e-parent\" data-id=\"c068891\" data-element_type=\"container\" data-e-type=\"container\">\n\t\t\t\t\t<div class=\"e-con-inner\">\n\t\t\t\t<div class=\"elementor-element elementor-element-687e505 elementor-widget elementor-widget-text-editor\" data-id=\"687e505\" data-element_type=\"widget\" data-e-type=\"widget\" data-widget_type=\"text-editor.default\">\n\t\t\t\t\t\t\t\t\t<p>&#8211; Seguir en todo momento las indicaciones del gu\u00eda.<\/p><p>&#8211; Respetar las normas de conservaci\u00f3n y cuidado del entorno natural.<\/p><p>&#8211; Presentarse en el punto de recojo a la hora indicada.<\/p><p>&#8211; Informar previamente al gu\u00eda sobre cualquier condici\u00f3n que pueda dificultar la realizaci\u00f3n del trekking.<\/p>\t\t\t\t\t\t\t\t<\/div>\n\t\t\t\t\t<\/div>\n\t\t\t\t<\/div>\n\t\t<div data-aos=\"fade-up\" class=\"hostinger-elementor-aos elementor-element elementor-element-4d035c2 e-flex e-con-boxed e-con e-parent\" data-id=\"4d035c2\" data-element_type=\"container\" data-e-type=\"container\">\n\t\t\t\t\t<div class=\"e-con-inner\">\n\t\t\t\t<div class=\"elementor-element elementor-element-44f675b elementor-widget elementor-widget-button\" data-id=\"44f675b\" data-element_type=\"widget\" data-e-type=\"widget\" data-widget_type=\"button.default\">\n\t\t\t\t\t\t\t\t\t\t<a class=\"elementor-button elementor-button-link elementor-size-sm\" href=\"#\">\n\t\t\t\t\t\t<span class=\"elementor-button-content-wrapper\">\n\t\t\t\t\t\t\t\t\t<span class=\"elementor-button-text\">Book now<\/span>\n\t\t\t\t\t<\/span>\n\t\t\t\t\t<\/a>\n\t\t\t\t\t\t\t\t<\/div>\n\t\t\t\t\t<\/div>\n\t\t\t\t<\/div>\n\t\t\t\t<\/div>","protected":false},"excerpt":{"rendered":"<p>Ca\u00f1on de los perdidos en Ica Ad\u00e9ntrate en los paisajes del Ca\u00f1\u00f3n de los Perdidos y descubre impresionantes formaciones naturales, f\u00f3siles y huellas del pasado en medio del desierto de Ica. Una experiencia \u00fanica para explorar, disfrutar y conectar con la naturaleza. $29 costo por persona Duraci\u00f2n Salida: 6:00 a. m. \u2013 6:30 a. m. [&hellip;]<\/p>\n","protected":false},"author":1,"featured_media":0,"parent":0,"menu_order":0,"comment_status":"closed","ping_status":"closed","template":"","meta":{"_thinkrank_schema_form_data":"","_thinkrank_selected_schema_type":"","_thinkrank_additional_schemas":"","_thinkrank_canonical_url":"","_thinkrank_og_title":"","_thinkrank_og_description":"","_thinkrank_og_image":"","_thinkrank_twitter_title":"","_thinkrank_twitter_description":"","_thinkrank_twitter_image":"","_thinkrank_imported_from":"","_thinkrank_focus_keywords":[],"_thinkrank_focus_keyword":"","_thinkrank_robots_meta_enabled":0,"_thinkrank_robots_meta":"[]","_thinkrank_advanced_robots_meta":"[]","_thinkrank_primary_category":0,"footnotes":""},"class_list":["post-861","page","type-page","status-publish","hentry"],"_hostinger_reach_plugin_has_subscription_block":false,"_hostinger_reach_plugin_is_elementor":false,"_links":{"self":[{"href":"https:\/\/letsgotravelparacas.com\/en\/wp-json\/wp\/v2\/pages\/861","targetHints":{"allow":["GET"]}}],"collection":[{"href":"https:\/\/letsgotravelparacas.com\/en\/wp-json\/wp\/v2\/pages"}],"about":[{"href":"https:\/\/letsgotravelparacas.com\/en\/wp-json\/wp\/v2\/types\/page"}],"author":[{"embeddable":true,"href":"https:\/\/letsgotravelparacas.com\/en\/wp-json\/wp\/v2\/users\/1"}],"replies":[{"embeddable":true,"href":"https:\/\/letsgotravelparacas.com\/en\/wp-json\/wp\/v2\/comments?post=861"}],"version-history":[{"count":14,"href":"https:\/\/letsgotravelparacas.com\/en\/wp-json\/wp\/v2\/pages\/861\/revisions"}],"predecessor-version":[{"id":937,"href":"https:\/\/letsgotravelparacas.com\/en\/wp-json\/wp\/v2\/pages\/861\/revisions\/937"}],"wp:attachment":[{"href":"https:\/\/letsgotravelparacas.com\/en\/wp-json\/wp\/v2\/media?parent=861"}],"curies":[{"name":"wp","href":"https:\/\/api.w.org\/{rel}","templated":true}]}}